{"id":429,"date":"2024-04-17T16:34:36","date_gmt":"2024-04-17T14:34:36","guid":{"rendered":"https:\/\/www.gazteluindustriales.com\/gaztelurentcar\/?page_id=429"},"modified":"2025-10-24T11:31:34","modified_gmt":"2025-10-24T09:31:34","slug":"alquiler-de-furgonetas-camper-en-bizkaia","status":"publish","type":"page","link":"https:\/\/www.gazteluindustriales.com\/gaztelurentcar\/alquiler-de-furgonetas-camper-en-bizkaia\/","title":{"rendered":"Alquiler de Furgonetas Camper en Bizkaia"},"content":{"rendered":"<section class=\"wpb-content-wrapper\"><p>[vc_row full_width=\u00bbstretch_row\u00bb css=\u00bb.vc_custom_1708618702810{margin-bottom: 40px !important;padding-top: 30px !important;padding-bottom: 30px !important;background-color: #232b5c !important;}\u00bb el_class=\u00bbtextoblanco\u00bb][vc_column width=\u00bb1\/6&#8243;][\/vc_column][vc_column width=\u00bb2\/3&#8243;][vc_column_text css_animation=\u00bbfadeIn\u00bb]<\/p>\n<h2 style=\"text-align: center;\">NUESTRA FLOTA DE <strong style=\"color: #9996be;\">FURGONETAS CAMPER<\/strong> DE ALQUILER<\/h2>\n<p>[\/vc_column_text][\/vc_column][vc_column width=\u00bb1\/6&#8243;][\/vc_column][\/vc_row][vc_row content_placement=\u00bbmiddle\u00bb css=\u00bb.vc_custom_1710437378041{margin-top: 30px !important;margin-bottom: 40px !important;border-top-width: 1px !important;border-right-width: 1px !important;border-bottom-width: 1px !important;border-left-width: 1px !important;border-left-color: #cccccc !important;border-left-style: solid !important;border-right-color: #cccccc !important;border-right-style: solid !important;border-top-color: #cccccc !important;border-top-style: solid !important;border-bottom-color: #cccccc !important;border-bottom-style: solid !important;}\u00bb][vc_column width=\u00bb1\/2&#8243;][vc_column_text css=\u00bb.vc_custom_1713366085994{margin-top: 0px !important;padding-top: 0px !important;}\u00bb]<a name=\"minicamper\"><\/a><\/p>\n<h3 style=\"text-align: left;\"><strong>FURGONETA CAMPER &#8211; <\/strong><span style=\"color: #635f9a;\">TIPO MINI CAMPER<\/span><\/h3>\n<p><em>Peugeot Rifter, Citroen Berlingo o similares<\/em>[\/vc_column_text][vc_column_text]Nuestras <strong>furgonetas c\u00e1mper<\/strong> son veh\u00edculos tipo furgoneta preparada para ser habitables. Son una especie de caravana en miniatura para uso campista. Permiten pernoctar en ellas, lo que las convierten en una alternativa barata a los alejamientos tradicionales y proporcionan al mismo tiempo una libertad y movilidad m\u00e1ximas. Si est\u00e1s pensando en <strong>alquilar una furgoneta camper<\/strong> para tus vacaciones, no dudes en contactar con nosotros.[\/vc_column_text][\/vc_column][vc_column width=\u00bb1\/2&#8243;][vc_single_image image=\u00bb2675&#8243; img_size=\u00bbfull\u00bb alignment=\u00bbcenter\u00bb css_animation=\u00bbfadeIn\u00bb css=\u00bb.vc_custom_1759821075700{margin-bottom: 0px !important;padding-bottom: 0px !important;}\u00bb][\/vc_column][\/vc_row][vc_row content_placement=\u00bbmiddle\u00bb css=\u00bb.vc_custom_1761298181604{margin-top: 30px !important;margin-bottom: 40px !important;border-top-width: 0px !important;border-right-width: 0px !important;border-bottom-width: 0px !important;border-left-width: 0px !important;border-left-color: #cccccc !important;border-right-color: #cccccc !important;border-top-color: #cccccc !important;border-bottom-color: #cccccc !important;}\u00bb][vc_column][vc_column_text]Si est\u00e1s buscando una experiencia \u00fanica para tus vacaciones o un viaje por carretera, nuestras<strong> furgonetas mini- camper de alquiler<\/strong> son la opci\u00f3n perfecta. En Gaztelu Rent Car contamos con una flota de furgonetas preparadas \u00a0para que disfrutes de la libertad de viajar y acampar a tu propio ritmo. <strong>Alquila una furgoneta camper<\/strong> y convi\u00e9rtete en el due\u00f1o de tu itinerario mientras exploras nuevos destinos de una forma c\u00f3moda , <strong><em>econ\u00f3mica<\/em><\/strong> y pr\u00e1ctica.<\/p>\n<p>Ya sea en temporada baja o alta, <strong>ofrecemos tarifas flexibles<\/strong> para que adaptes tu alquiler a tus planes, con <strong>precios competitivos y condiciones claras<\/strong>. Adem\u00e1s, contamos con un equipamiento de ayuda a la conducci\u00f3n, como climatizador y limitador de velocidad, para hacer tu viaje a\u00fan m\u00e1s c\u00f3modo y seguro. <strong>En el precio est\u00e1 incluido seguro a Todo Riesgo con franquicia<\/strong> y no hay l\u00edmite de kilometraje. Si est\u00e1s listo para vivir una aventura en furgoneta, no dudes en consultarnos sobre la disponibilidad y precios de nuestras furgonetas mini- camper. \u00a1Reserva hoy mismo y prep\u00e1rate para viajar como nunca antes![\/vc_column_text][\/vc_column][\/vc_row][vc_row equal_height=\u00bbyes\u00bb css=\u00bb.vc_custom_1710324582076{margin-top: 0px !important;margin-bottom: 25px !important;padding-top: 0px !important;}\u00bb][vc_column width=\u00bb2\/4&#8243;][vc_column_text css=\u00bb.vc_custom_1710324495947{margin-top: 0px !important;padding-top: 0px !important;padding-right: 10px !important;padding-left: 10px !important;}\u00bb]<\/p>\n<h3 style=\"text-align: left;\">PRECIOS <em><small>(I.V.A. Incluido)<\/small><\/em><\/h3>\n<p>[\/vc_column_text][vc_column_text css=\u00bb.vc_custom_1714466517672{padding-right: 10px !important;padding-left: 10px !important;}\u00bb]<\/p>\n<h4>MINI CAMPER<\/h4>\n<p><em>2 plazas<\/em><\/p>\n<table>\n<tbody>\n<tr>\n<th style=\"text-align: center;\"><\/th>\n<th style=\"text-align: center;\">TEMP. BAJA<\/th>\n<th style=\"text-align: center;\">TEMP. MEDIA<\/th>\n<th style=\"text-align: center;\">TEMP. ALTA<\/th>\n<\/tr>\n<tr>\n<th style=\"text-align: left;\"><b>M\u00cdNIMO RESERVA<\/b><br \/>\n(preguntar disponibilidad)<\/th>\n<td style=\"text-align: center;\">3 d\u00edas<\/td>\n<td style=\"text-align: center;\">5 d\u00edas<\/td>\n<td style=\"text-align: center;\">7 d\u00edas<\/td>\n<\/tr>\n<tr>\n<th style=\"text-align: left;\"><b>PRECIO<\/b><\/th>\n<td style=\"text-align: center;\">50\u20ac\/d\u00eda<\/td>\n<td style=\"text-align: center;\">70\u20ac\/d\u00eda<\/td>\n<td style=\"text-align: center;\">90\u20ac\/d\u00eda<\/td>\n<\/tr>\n<\/tbody>\n<\/table>\n<p>[\/vc_column_text][vc_btn title=\u00bbRESERVAR\u00bb style=\u00bbclassic\u00bb shape=\u00bbsquare\u00bb color=\u00bbviolet\u00bb size=\u00bblg\u00bb align=\u00bbcenter\u00bb link=\u00bburl:%23formulario\u00bb css=\u00bb.vc_custom_1710324510314{padding-right: 10px !important;padding-left: 10px !important;}\u00bb][\/vc_column][vc_column width=\u00bb1\/4&#8243; css=\u00bb.vc_custom_1710324546867{background-color: #f7f7f7 !important;}\u00bb][vc_column_text css=\u00bb.vc_custom_1710324555547{margin-top: 0px !important;padding-top: 0px !important;padding-right: 15px !important;padding-left: 15px !important;}\u00bb]<\/p>\n<h3 style=\"text-align: left;\">TEMPORADAS<\/h3>\n<p><strong>Temporada baja:<\/strong><br \/>\nDel 01\/10 al 30\/04, excepto puentes y Semana Santa.<\/p>\n<p><strong>Temporada media:<\/strong><br \/>\nDel 01\/05 al 30\/06<br \/>\nDel 01\/09 al 30\/09<br \/>\nLas semanas anterior y posterior a Semana Santa<br \/>\npremios de moto GP, automovilismo y celebraciones extraordinarias<\/p>\n<p><strong>Temporada alta:<\/strong><br \/>\nJulio y Agosto<br \/>\nSemana Santa[\/vc_column_text][\/vc_column][vc_column width=\u00bb1\/4&#8243; css=\u00bb.vc_custom_1710324338609{background-color: #f7f7f7 !important;}\u00bb][vc_column_text css=\u00bb.vc_custom_1710324563091{margin-top: 0px !important;padding-top: 0px !important;padding-right: 15px !important;padding-left: 15px !important;}\u00bb]<\/p>\n<h3 style=\"text-align: left;\">EQUIPAMIENTOS<\/h3>\n<ul>\n<li>Elevalunas el\u00e9ctricos<\/li>\n<li>Cambio manual<\/li>\n<li>Combustible gasoil<\/li>\n<li>Aire acondicionado<\/li>\n<li>Navegador<\/li>\n<li>Cama para dos personas<\/li>\n<li>Protector luz cristales<\/li>\n<li>Mesa y sillas de camping<\/li>\n<li>Cajoneras<\/li>\n<\/ul>\n<p>[\/vc_column_text][\/vc_column][\/vc_row][vc_row full_width=\u00bbstretch_row\u00bb css=\u00bb.vc_custom_1710324221505{margin-top: 0px !important;margin-bottom: 0px !important;background-color: #635f9a !important;}\u00bb el_class=\u00bbtextoblanco\u00bb][vc_column width=\u00bb1\/6&#8243;][\/vc_column][vc_column width=\u00bb2\/3&#8243;][vc_column_text css_animation=\u00bbfadeIn\u00bb]<\/p>\n<h3 style=\"text-align: center;\">GALER\u00cdA MINI CAMPER<\/h3>\n<p style=\"text-align: center;\">Disponemos de modelos como el PEUGEOT RIFTER,CITROEN BERLINGO, un veh\u00edculo moderno y robusto, ideal para viajar en pareja. Con capacidad para el viaje del veh\u00edculo \u00a0para hasta 4 personas, nuestras furgonetas mini camper est\u00e1n equipadas un mueble-cama, mesa,sillas y cubre cristales.<\/p>\n<p style=\"text-align: center;\"><em>Haga click en la imagen para verla en grande<\/em><\/p>\n<p>[\/vc_column_text][\/vc_column][vc_column width=\u00bb1\/6&#8243;][\/vc_column][\/vc_row][vc_row full_width=\u00bbstretch_row\u00bb css=\u00bb.vc_custom_1710437257761{margin-top: 0px !important;padding-top: 0px !important;background-color: #635f9a !important;}\u00bb][vc_column width=\u00bb1\/4&#8243;][vc_single_image image=\u00bb285&#8243; img_size=\u00bbfull\u00bb alignment=\u00bbcenter\u00bb onclick=\u00bblink_image\u00bb css_animation=\u00bbfadeIn\u00bb][\/vc_column][vc_column width=\u00bb1\/4&#8243;][vc_single_image image=\u00bb286&#8243; img_size=\u00bbfull\u00bb alignment=\u00bbcenter\u00bb onclick=\u00bblink_image\u00bb css_animation=\u00bbfadeIn\u00bb][\/vc_column][vc_column width=\u00bb1\/4&#8243;][vc_single_image image=\u00bb284&#8243; img_size=\u00bbfull\u00bb alignment=\u00bbcenter\u00bb onclick=\u00bblink_image\u00bb css_animation=\u00bbfadeIn\u00bb][\/vc_column][vc_column width=\u00bb1\/4&#8243;][vc_single_image image=\u00bb283&#8243; img_size=\u00bbfull\u00bb alignment=\u00bbcenter\u00bb onclick=\u00bblink_image\u00bb css_animation=\u00bbfadeIn\u00bb][\/vc_column][\/vc_row][vc_row full_width=\u00bbstretch_row\u00bb css=\u00bb.vc_custom_1712140527325{margin-top: 0px !important;margin-bottom: 0px !important;padding-top: 50px !important;padding-bottom: 50px !important;}\u00bb][vc_column width=\u00bb1\/6&#8243;][\/vc_column][vc_column width=\u00bb2\/3&#8243;][vc_column_text]<\/p>\n<h3 style=\"text-align: center;\">Condiciones de alquiler<\/h3>\n<p>[\/vc_column_text][vc_btn title=\u00bbVER CONDICIONES\u00bb style=\u00bbclassic\u00bb shape=\u00bbsquare\u00bb color=\u00bbviolet\u00bb size=\u00bblg\u00bb align=\u00bbcenter\u00bb link=\u00bburl:https%3A%2F%2Fwww.gazteluindustriales.com%2Fgaztelurentcar%2Fcondiciones-de-alquiler%2F\u00bb css=\u00bb.vc_custom_1714466667285{padding-right: 10px !important;padding-left: 10px !important;}\u00bb][\/vc_column][vc_column width=\u00bb1\/6&#8243;][\/vc_column][\/vc_row][vc_row full_width=\u00bbstretch_row\u00bb css=\u00bb.vc_custom_1709048913997{margin-top: 0px !important;margin-bottom: 0px !important;padding-top: 50px !important;padding-bottom: 50px !important;background-color: #f7f7f7 !important;}\u00bb][vc_column width=\u00bb1\/6&#8243;][\/vc_column][vc_column width=\u00bb2\/3&#8243;][vc_column_text]<a name=\"formulario\"><\/a>[\/vc_column_text][vc_column_text css=\u00bb.vc_custom_1709048660687{margin-top: 0px !important;padding-top: 0px !important;}\u00bb]<\/p>\n<h3 style=\"text-align: center;\">SOLICITAR PRESUPUESTO<\/h3>\n<p>[\/vc_column_text]\n<div class=\"wpcf7 no-js\" id=\"wpcf7-f302-o1\" lang=\"es-ES\" dir=\"ltr\">\n<div class=\"screen-reader-response\"><p role=\"status\" aria-live=\"polite\" aria-atomic=\"true\"><\/p> <ul><\/ul><\/div>\n<form action=\"\/gaztelurentcar\/wp-json\/wp\/v2\/pages\/429#wpcf7-f302-o1\" method=\"post\" class=\"wpcf7-form init cf7mls-no-scroll cf7mls-auto-return-first-step cf7mls-no-moving-animation\" aria-label=\"Formulario de contacto\" novalidate=\"novalidate\" data-status=\"init\">\n<div style=\"display: none;\">\n<input type=\"hidden\" name=\"_wpcf7\" value=\"302\" \/>\n<input type=\"hidden\" name=\"_wpcf7_version\" value=\"5.9.2\" \/>\n<input type=\"hidden\" name=\"_wpcf7_locale\" value=\"es_ES\" \/>\n<input type=\"hidden\" name=\"_wpcf7_unit_tag\" value=\"wpcf7-f302-o1\" \/>\n<input type=\"hidden\" name=\"_wpcf7_container_post\" value=\"0\" \/>\n<input type=\"hidden\" name=\"_wpcf7_posted_data_hash\" value=\"\" \/>\n<\/div>\n<p><label>Fecha recogida :<br \/>\n<span class=\"wpcf7-form-control-wrap\" data-name=\"frecogida\"><input class=\"wpcf7-form-control wpcf7-date wpcf7-validates-as-date\" aria-invalid=\"false\" value=\"\" type=\"date\" name=\"frecogida\" \/><\/span><\/label><span class=\"wpcf7-form-control-wrap\" data-name=\"hrecogida\"><select class=\"wpcf7-form-control wpcf7-select\" aria-invalid=\"false\" name=\"hrecogida\"><option value=\"12:00 am\">12:00 am<\/option><option value=\"1:00 am\">1:00 am<\/option><option value=\"2:00 am\">2:00 am<\/option><option value=\"3:00 am\">3:00 am<\/option><option value=\"4:00 am\">4:00 am<\/option><option value=\"5:00 am\">5:00 am<\/option><option value=\"6:00 am\">6:00 am<\/option><option value=\"7:00 am\">7:00 am<\/option><option value=\"8:00 am\">8:00 am<\/option><option value=\"9:00 am\">9:00 am<\/option><option value=\"10:00 am\">10:00 am<\/option><option value=\"11:00 am\">11:00 am<\/option><option value=\"12:00 pm\">12:00 pm<\/option><option value=\"1:00 pm\">1:00 pm<\/option><option value=\"2:00 pm\">2:00 pm<\/option><option value=\"3:00 pm\">3:00 pm<\/option><option value=\"4:00 pm\">4:00 pm<\/option><option value=\"5:00 pm\">5:00 pm<\/option><option value=\"6:00 pm\">6:00 pm<\/option><option value=\"7:00 pm\">7:00 pm<\/option><option value=\"8:00 pm\">8:00 pm<\/option><option value=\"9:00 pm\">9:00 pm<\/option><option value=\"10:00 pm\">10:00 pm<\/option><option value=\"11:00 pm\">11:00 pm<\/option><\/select><\/span>\n<\/p>\n<div class=\"separador\">\n<\/div>\n<p><label>Fecha entrega :<br \/>\n<span class=\"wpcf7-form-control-wrap\" data-name=\"fentrega\"><input class=\"wpcf7-form-control wpcf7-date wpcf7-validates-as-date\" aria-invalid=\"false\" value=\"\" type=\"date\" name=\"fentrega\" \/><\/span><\/label><span class=\"wpcf7-form-control-wrap\" data-name=\"hentrega\"><select class=\"wpcf7-form-control wpcf7-select\" aria-invalid=\"false\" name=\"hentrega\"><option value=\"12:00 am\">12:00 am<\/option><option value=\"1:00 am\">1:00 am<\/option><option value=\"2:00 am\">2:00 am<\/option><option value=\"3:00 am\">3:00 am<\/option><option value=\"4:00 am\">4:00 am<\/option><option value=\"5:00 am\">5:00 am<\/option><option value=\"6:00 am\">6:00 am<\/option><option value=\"7:00 am\">7:00 am<\/option><option value=\"8:00 am\">8:00 am<\/option><option value=\"9:00 am\">9:00 am<\/option><option value=\"10:00 am\">10:00 am<\/option><option value=\"11:00 am\">11:00 am<\/option><option value=\"12:00 pm\">12:00 pm<\/option><option value=\"1:00 pm\">1:00 pm<\/option><option value=\"2:00 pm\">2:00 pm<\/option><option value=\"3:00 pm\">3:00 pm<\/option><option value=\"4:00 pm\">4:00 pm<\/option><option value=\"5:00 pm\">5:00 pm<\/option><option value=\"6:00 pm\">6:00 pm<\/option><option value=\"7:00 pm\">7:00 pm<\/option><option value=\"8:00 pm\">8:00 pm<\/option><option value=\"9:00 pm\">9:00 pm<\/option><option value=\"10:00 pm\">10:00 pm<\/option><option value=\"11:00 pm\">11:00 pm<\/option><\/select><\/span>\n<\/p>\n<div class=\"separador\">\n<\/div>\n<p><label>Tipo de Furgoneta Camper<br \/>\n<span class=\"wpcf7-form-control-wrap\" data-name=\"tipo-vehiculo\"><select class=\"wpcf7-form-control wpcf7-select wpcf7-validates-as-required\" aria-required=\"true\" aria-invalid=\"false\" name=\"tipo-vehiculo\"><option value=\"Mini Camper\">Mini Camper<\/option><\/select><\/span><\/label>\n<\/p>\n<p><label>Combustible<br \/>\n<span class=\"wpcf7-form-control-wrap\" data-name=\"combustible\"><select class=\"wpcf7-form-control wpcf7-select wpcf7-validates-as-required\" aria-required=\"true\" aria-invalid=\"false\" name=\"combustible\"><option value=\"Gasolina\">Gasolina<\/option><option value=\"Diesel\">Diesel<\/option><\/select><\/span> <\/label>\n<\/p>\n<p><label>Nombre<br \/>\n<span class=\"wpcf7-form-control-wrap\" data-name=\"nombre\"><input size=\"40\" class=\"wpcf7-form-control wpcf7-text\" aria-invalid=\"false\" value=\"Nombre y apellidos...\" type=\"text\" name=\"nombre\" \/><\/span> <\/label>\n<\/p>\n<p><label>Email<br \/>\n<span class=\"wpcf7-form-control-wrap\" data-name=\"email\"><input size=\"40\" class=\"wpcf7-form-control wpcf7-email wpcf7-validates-as-required wpcf7-text wpcf7-validates-as-email\" aria-required=\"true\" aria-invalid=\"false\" value=\"Correo electr\u00f3nico\" type=\"email\" name=\"email\" \/><\/span> <\/label>\n<\/p>\n<p><label>Tel\u00e9fono de contacto<br \/>\n<span class=\"wpcf7-form-control-wrap\" data-name=\"telefono\"><input size=\"40\" class=\"wpcf7-form-control wpcf7-tel wpcf7-text wpcf7-validates-as-tel\" aria-invalid=\"false\" value=\"Tel\u00e9fono\" type=\"tel\" name=\"telefono\" \/><\/span> <\/label>\n<\/p>\n<p><label>Comentario<br \/>\n<span class=\"wpcf7-form-control-wrap\" data-name=\"comentarios\"><textarea cols=\"40\" rows=\"10\" class=\"wpcf7-form-control wpcf7-textarea\" aria-invalid=\"false\" name=\"comentarios\"><\/textarea><\/span> <\/label>\n<\/p>\n<p><input class=\"wpcf7-form-control wpcf7-submit has-spinner\" type=\"submit\" value=\"PRESUPUESTAR\" \/>\n<\/p><div class=\"wpcf7-response-output\" aria-hidden=\"true\"><\/div>\n<\/form>\n<\/div>\n[\/vc_column][vc_column width=\u00bb1\/6&#8243;][\/vc_column][\/vc_row][vc_row full_width=\u00bbstretch_row\u00bb css=\u00bb.vc_custom_1705320208970{margin-top: 0px !important;margin-bottom: 0px !important;padding-top: 50px !important;padding-bottom: 50px !important;background-color: #635f9a !important;}\u00bb el_class=\u00bbtextoblanco\u00bb][vc_column width=\u00bb1\/6&#8243;][\/vc_column][vc_column width=\u00bb2\/3&#8243;][vc_column_text css_animation=\u00bbfadeIn\u00bb]<\/p>\n<h2 style=\"text-align: center;\"><b>\u00a1LL\u00c1MANOS! <a style=\"color: #fff;\" href=\"tel: 34946002957\">946 002 957<\/a><\/b><\/h2>\n<p style=\"text-align: center;\">Lunes a viernes de 10:00 a 13:00 16:00 a 20:00<br \/>\nS\u00e1bados:\u00a0 10:00- 13:00<br \/>\n<span style=\"font-weigth: bolder!important; font-size: 120%; color: #ffd24c!important;\">En Galdakao y Leioa<\/span><\/p>\n<p>[\/vc_column_text][\/vc_column][vc_column width=\u00bb1\/6&#8243;][\/vc_column][\/vc_row][vc_row][\/vc_row]<\/p>\n<\/section>","protected":false},"excerpt":{"rendered":"<p>[vc_row full_width=\u00bbstretch_row\u00bb css=\u00bb.vc_custom_1708618702810{margin-bottom: 40px !important;padding-top: 30px !important;padding-bottom: 30px !important;background-color: #232b5c !important;}\u00bb el_class=\u00bbtextoblanco\u00bb][vc_column width=\u00bb1\/6&#8243;][\/vc_column][vc_column width=\u00bb2\/3&#8243;][vc_column_text css_animation=\u00bbfadeIn\u00bb] NUESTRA FLOTA DE FURGONETAS CAMPER [&hellip;]<\/p>\n","protected":false},"author":1,"featured_media":0,"parent":0,"menu_order":0,"comment_status":"closed","ping_status":"closed","template":"","meta":{"site-sidebar-layout":"no-sidebar","site-content-layout":"plain-container","ast-site-content-layout":"default","site-content-style":"default","site-sidebar-style":"default","ast-global-header-display":"","ast-banner-title-visibility":"","ast-main-header-display":"","ast-hfb-above-header-display":"","ast-hfb-below-header-display":"","ast-hfb-mobile-header-display":"","site-post-title":"disabled","ast-breadcrumbs-content":"","ast-featured-img":"disabled","footer-sml-layout":"","theme-transparent-header-meta":"disabled","adv-header-id-meta":"","stick-header-meta":"","header-above-stick-meta":"","header-main-stick-meta":"","header-below-stick-meta":"","astra-migrate-meta-layouts":"set","ast-page-background-enabled":"default","ast-page-background-meta":{"desktop":{"background-color":"var(--ast-global-color-4)","background-image":"","background-repeat":"repeat","background-position":"center center","background-size":"auto","background-attachment":"scroll","background-type":"","background-media":"","overlay-type":"","overlay-color":"","overlay-gradient":""},"tablet":{"background-color":"","background-image":"","background-repeat":"repeat","background-position":"center center","background-size":"auto","background-attachment":"scroll","background-type":"","background-media":"","overlay-type":"","overlay-color":"","overlay-gradient":""},"mobile":{"background-color":"","background-image":"","background-repeat":"repeat","background-position":"center center","background-size":"auto","background-attachment":"scroll","background-type":"","background-media":"","overlay-type":"","overlay-color":"","overlay-gradient":""}},"ast-content-background-meta":{"desktop":{"background-color":"var(--ast-global-color-5)","background-image":"","background-repeat":"repeat","background-position":"center center","background-size":"auto","background-attachment":"scroll","background-type":"","background-media":"","overlay-type":"","overlay-color":"","overlay-gradient":""},"tablet":{"background-color":"var(--ast-global-color-5)","background-image":"","background-repeat":"repeat","background-position":"center center","background-size":"auto","background-attachment":"scroll","background-type":"","background-media":"","overlay-type":"","overlay-color":"","overlay-gradient":""},"mobile":{"background-color":"var(--ast-global-color-5)","background-image":"","background-repeat":"repeat","background-position":"center center","background-size":"auto","background-attachment":"scroll","background-type":"","background-media":"","overlay-type":"","overlay-color":"","overlay-gradient":""}},"footnotes":""},"class_list":["post-429","page","type-page","status-publish","hentry"],"_links":{"self":[{"href":"https:\/\/www.gazteluindustriales.com\/gaztelurentcar\/wp-json\/wp\/v2\/pages\/429","targetHints":{"allow":["GET"]}}],"collection":[{"href":"https:\/\/www.gazteluindustriales.com\/gaztelurentcar\/wp-json\/wp\/v2\/pages"}],"about":[{"href":"https:\/\/www.gazteluindustriales.com\/gaztelurentcar\/wp-json\/wp\/v2\/types\/page"}],"author":[{"embeddable":true,"href":"https:\/\/www.gazteluindustriales.com\/gaztelurentcar\/wp-json\/wp\/v2\/users\/1"}],"replies":[{"embeddable":true,"href":"https:\/\/www.gazteluindustriales.com\/gaztelurentcar\/wp-json\/wp\/v2\/comments?post=429"}],"version-history":[{"count":24,"href":"https:\/\/www.gazteluindustriales.com\/gaztelurentcar\/wp-json\/wp\/v2\/pages\/429\/revisions"}],"predecessor-version":[{"id":2772,"href":"https:\/\/www.gazteluindustriales.com\/gaztelurentcar\/wp-json\/wp\/v2\/pages\/429\/revisions\/2772"}],"wp:attachment":[{"href":"https:\/\/www.gazteluindustriales.com\/gaztelurentcar\/wp-json\/wp\/v2\/media?parent=429"}],"curies":[{"name":"wp","href":"https:\/\/api.w.org\/{rel}","templated":true}]}}